{"id":18,"date":"2023-06-13T22:05:14","date_gmt":"2023-06-13T20:05:14","guid":{"rendered":"https:\/\/ecolemusiquetradvendee.fr\/?page_id=18"},"modified":"2025-08-16T18:48:51","modified_gmt":"2025-08-16T16:48:51","slug":"festival-le-printemps-des-musiques-trad","status":"publish","type":"page","link":"https:\/\/ecolemusiquetradvendee.fr\/index.php\/festival-le-printemps-des-musiques-trad\/","title":{"rendered":"Festival &#8211; Le Printemps des Musiques Trad&rsquo;"},"content":{"rendered":"<div id=\"imCellStyle_1\">\n<div id=\"imTextObject_1_tab0\" class=\"text-tab-content\">\n<div class=\"text-inner\">\n<p style=\"text-align: center;\"><a class=\"maxbutton-1 maxbutton maxbutton-edition-2022\" href=\"https:\/\/ecolemusiquetradvendee.fr\/index.php\/festival-le-printemps-des-musiques-trad\/edition-2022\/\"><span class='mb-text'>\u00c9dition 2022<\/span><\/a> | <a class=\"maxbutton-2 maxbutton maxbutton-editions-precedentes\" href=\"https:\/\/ecolemusiquetradvendee.fr\/index.php\/festival-le-printemps-des-musiques-trad\/precedentes-editions\/\"><span class='mb-text'>\u00c9ditions Pr\u00e9c\u00e9dentes<\/span><\/a><\/p>\n<p>&nbsp;<\/p>\n<\/div>\n<\/div>\n<p>&nbsp;<\/p>\n<div id=\"imTextObject_1_tab0\" class=\"text-tab-content\">\n<div class=\"text-inner\">\n<h3><span class=\"ff1 cf0 fs22\"><b>Ce Festival, cr\u00e9\u00e9 en 2011, est une ouverture la plus large possible sur le monde des Musiques Trad&rsquo;.<\/b><\/span><\/h3>\n<p><span class=\"ff1 cf0 fs22\"><b><br \/>\n<\/b><img loading=\"lazy\" decoding=\"async\" class=\"size-medium wp-image-4097 alignright\" src=\"https:\/\/ecolemusiquetradvendee.fr\/wp-content\/uploads\/2023\/07\/danseurs-190x300.jpg\" alt=\"\" width=\"190\" height=\"300\" srcset=\"https:\/\/ecolemusiquetradvendee.fr\/wp-content\/uploads\/2023\/07\/danseurs-190x300.jpg 190w, https:\/\/ecolemusiquetradvendee.fr\/wp-content\/uploads\/2023\/07\/danseurs-648x1024.jpg 648w, https:\/\/ecolemusiquetradvendee.fr\/wp-content\/uploads\/2023\/07\/danseurs.jpg 702w\" sizes=\"auto, (max-width: 190px) 100vw, 190px\" \/>Ceux qui bougent (Le Son Continu, Le Grand Bal de l&rsquo;Europe\u2026) s\u2019en sont rendu compte : le monde des musiques trad&rsquo; est vaste, les publics nombreux, les esth\u00e9tiques vari\u00e9es\u2026<\/span><\/p>\n<p>&nbsp;<\/p>\n<blockquote><p><span class=\"ff1 cf0 fs22\"><strong>Le Printemps des Musiques et Danses Trad&rsquo; permet la rencontre avec un public \u00ab hors EDMTV \u00bb et hors Vend\u00e9e.<\/strong><br \/>\n<em>Ce festival, d\u00e9sormais bisannuel, met en avant \u00e0 chaque nouvelle \u00e9dition <\/em><\/span><em><span class=\"cf1 ff1 fs22\">une r\u00e9gion reconnue pour sa musique traditionnelle.<\/span><\/em><\/p><\/blockquote>\n<p>&nbsp;<\/p>\n<p><strong>Le festival s&rsquo;organise de la fa\u00e7on suivante :<\/strong><span class=\"cf0 ff1 fs22\"><br \/>\n&#8211;<wbr \/> Stages de danse et musique traditionnelles (tous niveaux) de Vend\u00e9e et de la r\u00e9gion invit\u00e9e<br \/>\n&#8211;<wbr \/> Concert\/Bal Trad&rsquo; avec des groupes vend\u00e9ens et de la r\u00e9gion invit\u00e9e<\/span><\/p>\n<p>&nbsp;<\/p>\n<p style=\"text-align: center;\"><a class=\"maxbutton-1 maxbutton maxbutton-edition-2022\" href=\"https:\/\/ecolemusiquetradvendee.fr\/index.php\/festival-le-printemps-des-musiques-trad\/edition-2022\/\"><span class='mb-text'>\u00c9dition 2022<\/span><\/a> | <a class=\"maxbutton-2 maxbutton maxbutton-editions-precedentes\" href=\"https:\/\/ecolemusiquetradvendee.fr\/index.php\/festival-le-printemps-des-musiques-trad\/precedentes-editions\/\"><span class='mb-text'>\u00c9ditions Pr\u00e9c\u00e9dentes<\/span><\/a><\/p>\n<\/div>\n<\/div>\n<\/div>\n","protected":false},"excerpt":{"rendered":"<p>| &nbsp; &nbsp; Ce Festival, cr\u00e9\u00e9 en 2011, est une ouverture la plus large possible sur le monde des Musiques Trad&rsquo;. Ceux qui bougent (Le Son Continu, Le Grand Bal de l&rsquo;Europe\u2026) s\u2019en sont rendu compte : le monde des musiques trad&rsquo; est vaste, les publics nombreux, les esth\u00e9tiques vari\u00e9es\u2026 &nbsp; Le Printemps des Musiques [&hellip;]<\/p>\n","protected":false},"author":1,"featured_media":0,"parent":0,"menu_order":0,"comment_status":"closed","ping_status":"closed","template":"","meta":{"footnotes":""},"class_list":["post-18","page","type-page","status-publish","hentry"],"yoast_head":"<!-- This site is optimized with the Yoast SEO plugin v27.1.1 - https:\/\/yoast.com\/product\/yoast-seo-wordpress\/ -->\n<title>Festival - Le Printemps des Musiques Trad&#039; - F\u00e9d\u00e9ration de l&#039;Ecole D\u00e9partementale de Musique Traditionnelle en Vend\u00e9e<\/title>\n<meta name=\"description\" content=\"Ce festival, d\u00e9sormais bisannuel, met en avant \u00e0 chaque nouvelle \u00e9dition une r\u00e9gion reconnue pour sa musique traditionnelle.\" \/>\n<meta name=\"robots\" content=\"index, follow, max-snippet:-1, max-image-preview:large, max-video-preview:-1\" \/>\n<link rel=\"canonical\" href=\"https:\/\/ecolemusiquetradvendee.fr\/index.php\/festival-le-printemps-des-musiques-trad\/\" \/>\n<meta property=\"og:locale\" content=\"fr_FR\" \/>\n<meta property=\"og:type\" content=\"article\" \/>\n<meta property=\"og:title\" content=\"Festival - Le Printemps des Musiques Trad&#039; - F\u00e9d\u00e9ration de l&#039;Ecole D\u00e9partementale de Musique Traditionnelle en Vend\u00e9e\" \/>\n<meta property=\"og:description\" content=\"Ce festival, d\u00e9sormais bisannuel, met en avant \u00e0 chaque nouvelle \u00e9dition une r\u00e9gion reconnue pour sa musique traditionnelle.\" \/>\n<meta property=\"og:url\" content=\"https:\/\/ecolemusiquetradvendee.fr\/index.php\/festival-le-printemps-des-musiques-trad\/\" \/>\n<meta property=\"og:site_name\" content=\"F\u00e9d\u00e9ration de l&#039;Ecole D\u00e9partementale de Musique Traditionnelle en Vend\u00e9e\" \/>\n<meta property=\"article:publisher\" content=\"https:\/\/www.facebook.com\/EDMTV85\" \/>\n<meta property=\"article:modified_time\" content=\"2025-08-16T16:48:51+00:00\" \/>\n<meta property=\"og:image\" content=\"https:\/\/ecolemusiquetradvendee.fr\/wp-content\/uploads\/2023\/07\/danseurs.jpg\" \/>\n\t<meta property=\"og:image:width\" content=\"702\" \/>\n\t<meta property=\"og:image:height\" content=\"1109\" \/>\n\t<meta property=\"og:image:type\" content=\"image\/jpeg\" \/>\n<meta name=\"twitter:card\" content=\"summary_large_image\" \/>\n<meta name=\"twitter:label1\" content=\"Dur\u00e9e de lecture estim\u00e9e\" \/>\n\t<meta name=\"twitter:data1\" content=\"1 minute\" \/>\n<script type=\"application\/ld+json\" class=\"yoast-schema-graph\">{\"@context\":\"https:\/\/schema.org\",\"@graph\":[{\"@type\":\"WebPage\",\"@id\":\"https:\/\/ecolemusiquetradvendee.fr\/index.php\/festival-le-printemps-des-musiques-trad\/\",\"url\":\"https:\/\/ecolemusiquetradvendee.fr\/index.php\/festival-le-printemps-des-musiques-trad\/\",\"name\":\"Festival - Le Printemps des Musiques Trad' - F\u00e9d\u00e9ration de l&#039;Ecole D\u00e9partementale de Musique Traditionnelle en Vend\u00e9e\",\"isPartOf\":{\"@id\":\"https:\/\/ecolemusiquetradvendee.fr\/#website\"},\"primaryImageOfPage\":{\"@id\":\"https:\/\/ecolemusiquetradvendee.fr\/index.php\/festival-le-printemps-des-musiques-trad\/#primaryimage\"},\"image\":{\"@id\":\"https:\/\/ecolemusiquetradvendee.fr\/index.php\/festival-le-printemps-des-musiques-trad\/#primaryimage\"},\"thumbnailUrl\":\"https:\/\/ecolemusiquetradvendee.fr\/wp-content\/uploads\/2023\/07\/danseurs-190x300.jpg\",\"datePublished\":\"2023-06-13T20:05:14+00:00\",\"dateModified\":\"2025-08-16T16:48:51+00:00\",\"description\":\"Ce festival, d\u00e9sormais bisannuel, met en avant \u00e0 chaque nouvelle \u00e9dition une r\u00e9gion reconnue pour sa musique traditionnelle.\",\"breadcrumb\":{\"@id\":\"https:\/\/ecolemusiquetradvendee.fr\/index.php\/festival-le-printemps-des-musiques-trad\/#breadcrumb\"},\"inLanguage\":\"fr-FR\",\"potentialAction\":[{\"@type\":\"ReadAction\",\"target\":[\"https:\/\/ecolemusiquetradvendee.fr\/index.php\/festival-le-printemps-des-musiques-trad\/\"]}]},{\"@type\":\"ImageObject\",\"inLanguage\":\"fr-FR\",\"@id\":\"https:\/\/ecolemusiquetradvendee.fr\/index.php\/festival-le-printemps-des-musiques-trad\/#primaryimage\",\"url\":\"https:\/\/ecolemusiquetradvendee.fr\/wp-content\/uploads\/2023\/07\/danseurs.jpg\",\"contentUrl\":\"https:\/\/ecolemusiquetradvendee.fr\/wp-content\/uploads\/2023\/07\/danseurs.jpg\",\"width\":702,\"height\":1109},{\"@type\":\"BreadcrumbList\",\"@id\":\"https:\/\/ecolemusiquetradvendee.fr\/index.php\/festival-le-printemps-des-musiques-trad\/#breadcrumb\",\"itemListElement\":[{\"@type\":\"ListItem\",\"position\":1,\"name\":\"Accueil\",\"item\":\"https:\/\/ecolemusiquetradvendee.fr\/\"},{\"@type\":\"ListItem\",\"position\":2,\"name\":\"Festival &#8211; Le Printemps des Musiques Trad&rsquo;\"}]},{\"@type\":\"WebSite\",\"@id\":\"https:\/\/ecolemusiquetradvendee.fr\/#website\",\"url\":\"https:\/\/ecolemusiquetradvendee.fr\/\",\"name\":\"ecolemusiquetradvendee.fr\",\"description\":\"\",\"publisher\":{\"@id\":\"https:\/\/ecolemusiquetradvendee.fr\/#organization\"},\"potentialAction\":[{\"@type\":\"SearchAction\",\"target\":{\"@type\":\"EntryPoint\",\"urlTemplate\":\"https:\/\/ecolemusiquetradvendee.fr\/?s={search_term_string}\"},\"query-input\":{\"@type\":\"PropertyValueSpecification\",\"valueRequired\":true,\"valueName\":\"search_term_string\"}}],\"inLanguage\":\"fr-FR\"},{\"@type\":\"Organization\",\"@id\":\"https:\/\/ecolemusiquetradvendee.fr\/#organization\",\"name\":\"F\u00e9d\u00e9ration de l'Ecole D\u00e9partementale de Musique Traditionnelle en Vend\u00e9e\",\"url\":\"https:\/\/ecolemusiquetradvendee.fr\/\",\"logo\":{\"@type\":\"ImageObject\",\"inLanguage\":\"fr-FR\",\"@id\":\"https:\/\/ecolemusiquetradvendee.fr\/#\/schema\/logo\/image\/\",\"url\":\"https:\/\/ecolemusiquetradvendee.fr\/wp-content\/uploads\/2023\/06\/cropped-cropped-logo_fede_V2-e1686778642970.jpg\",\"contentUrl\":\"https:\/\/ecolemusiquetradvendee.fr\/wp-content\/uploads\/2023\/06\/cropped-cropped-logo_fede_V2-e1686778642970.jpg\",\"width\":200,\"height\":200,\"caption\":\"F\u00e9d\u00e9ration de l'Ecole D\u00e9partementale de Musique Traditionnelle en Vend\u00e9e\"},\"image\":{\"@id\":\"https:\/\/ecolemusiquetradvendee.fr\/#\/schema\/logo\/image\/\"},\"sameAs\":[\"https:\/\/www.facebook.com\/EDMTV85\"]}]}<\/script>\n<!-- \/ Yoast SEO plugin. -->","yoast_head_json":{"title":"Festival - Le Printemps des Musiques Trad' - F\u00e9d\u00e9ration de l&#039;Ecole D\u00e9partementale de Musique Traditionnelle en Vend\u00e9e","description":"Ce festival, d\u00e9sormais bisannuel, met en avant \u00e0 chaque nouvelle \u00e9dition une r\u00e9gion reconnue pour sa musique traditionnelle.","robots":{"index":"index","follow":"follow","max-snippet":"max-snippet:-1","max-image-preview":"max-image-preview:large","max-video-preview":"max-video-preview:-1"},"canonical":"https:\/\/ecolemusiquetradvendee.fr\/index.php\/festival-le-printemps-des-musiques-trad\/","og_locale":"fr_FR","og_type":"article","og_title":"Festival - Le Printemps des Musiques Trad' - F\u00e9d\u00e9ration de l&#039;Ecole D\u00e9partementale de Musique Traditionnelle en Vend\u00e9e","og_description":"Ce festival, d\u00e9sormais bisannuel, met en avant \u00e0 chaque nouvelle \u00e9dition une r\u00e9gion reconnue pour sa musique traditionnelle.","og_url":"https:\/\/ecolemusiquetradvendee.fr\/index.php\/festival-le-printemps-des-musiques-trad\/","og_site_name":"F\u00e9d\u00e9ration de l&#039;Ecole D\u00e9partementale de Musique Traditionnelle en Vend\u00e9e","article_publisher":"https:\/\/www.facebook.com\/EDMTV85","article_modified_time":"2025-08-16T16:48:51+00:00","og_image":[{"width":702,"height":1109,"url":"https:\/\/ecolemusiquetradvendee.fr\/wp-content\/uploads\/2023\/07\/danseurs.jpg","type":"image\/jpeg"}],"twitter_card":"summary_large_image","twitter_misc":{"Dur\u00e9e de lecture estim\u00e9e":"1 minute"},"schema":{"@context":"https:\/\/schema.org","@graph":[{"@type":"WebPage","@id":"https:\/\/ecolemusiquetradvendee.fr\/index.php\/festival-le-printemps-des-musiques-trad\/","url":"https:\/\/ecolemusiquetradvendee.fr\/index.php\/festival-le-printemps-des-musiques-trad\/","name":"Festival - Le Printemps des Musiques Trad' - F\u00e9d\u00e9ration de l&#039;Ecole D\u00e9partementale de Musique Traditionnelle en Vend\u00e9e","isPartOf":{"@id":"https:\/\/ecolemusiquetradvendee.fr\/#website"},"primaryImageOfPage":{"@id":"https:\/\/ecolemusiquetradvendee.fr\/index.php\/festival-le-printemps-des-musiques-trad\/#primaryimage"},"image":{"@id":"https:\/\/ecolemusiquetradvendee.fr\/index.php\/festival-le-printemps-des-musiques-trad\/#primaryimage"},"thumbnailUrl":"https:\/\/ecolemusiquetradvendee.fr\/wp-content\/uploads\/2023\/07\/danseurs-190x300.jpg","datePublished":"2023-06-13T20:05:14+00:00","dateModified":"2025-08-16T16:48:51+00:00","description":"Ce festival, d\u00e9sormais bisannuel, met en avant \u00e0 chaque nouvelle \u00e9dition une r\u00e9gion reconnue pour sa musique traditionnelle.","breadcrumb":{"@id":"https:\/\/ecolemusiquetradvendee.fr\/index.php\/festival-le-printemps-des-musiques-trad\/#breadcrumb"},"inLanguage":"fr-FR","potentialAction":[{"@type":"ReadAction","target":["https:\/\/ecolemusiquetradvendee.fr\/index.php\/festival-le-printemps-des-musiques-trad\/"]}]},{"@type":"ImageObject","inLanguage":"fr-FR","@id":"https:\/\/ecolemusiquetradvendee.fr\/index.php\/festival-le-printemps-des-musiques-trad\/#primaryimage","url":"https:\/\/ecolemusiquetradvendee.fr\/wp-content\/uploads\/2023\/07\/danseurs.jpg","contentUrl":"https:\/\/ecolemusiquetradvendee.fr\/wp-content\/uploads\/2023\/07\/danseurs.jpg","width":702,"height":1109},{"@type":"BreadcrumbList","@id":"https:\/\/ecolemusiquetradvendee.fr\/index.php\/festival-le-printemps-des-musiques-trad\/#breadcrumb","itemListElement":[{"@type":"ListItem","position":1,"name":"Accueil","item":"https:\/\/ecolemusiquetradvendee.fr\/"},{"@type":"ListItem","position":2,"name":"Festival &#8211; Le Printemps des Musiques Trad&rsquo;"}]},{"@type":"WebSite","@id":"https:\/\/ecolemusiquetradvendee.fr\/#website","url":"https:\/\/ecolemusiquetradvendee.fr\/","name":"ecolemusiquetradvendee.fr","description":"","publisher":{"@id":"https:\/\/ecolemusiquetradvendee.fr\/#organization"},"potentialAction":[{"@type":"SearchAction","target":{"@type":"EntryPoint","urlTemplate":"https:\/\/ecolemusiquetradvendee.fr\/?s={search_term_string}"},"query-input":{"@type":"PropertyValueSpecification","valueRequired":true,"valueName":"search_term_string"}}],"inLanguage":"fr-FR"},{"@type":"Organization","@id":"https:\/\/ecolemusiquetradvendee.fr\/#organization","name":"F\u00e9d\u00e9ration de l'Ecole D\u00e9partementale de Musique Traditionnelle en Vend\u00e9e","url":"https:\/\/ecolemusiquetradvendee.fr\/","logo":{"@type":"ImageObject","inLanguage":"fr-FR","@id":"https:\/\/ecolemusiquetradvendee.fr\/#\/schema\/logo\/image\/","url":"https:\/\/ecolemusiquetradvendee.fr\/wp-content\/uploads\/2023\/06\/cropped-cropped-logo_fede_V2-e1686778642970.jpg","contentUrl":"https:\/\/ecolemusiquetradvendee.fr\/wp-content\/uploads\/2023\/06\/cropped-cropped-logo_fede_V2-e1686778642970.jpg","width":200,"height":200,"caption":"F\u00e9d\u00e9ration de l'Ecole D\u00e9partementale de Musique Traditionnelle en Vend\u00e9e"},"image":{"@id":"https:\/\/ecolemusiquetradvendee.fr\/#\/schema\/logo\/image\/"},"sameAs":["https:\/\/www.facebook.com\/EDMTV85"]}]}},"_links":{"self":[{"href":"https:\/\/ecolemusiquetradvendee.fr\/index.php\/wp-json\/wp\/v2\/pages\/18","targetHints":{"allow":["GET"]}}],"collection":[{"href":"https:\/\/ecolemusiquetradvendee.fr\/index.php\/wp-json\/wp\/v2\/pages"}],"about":[{"href":"https:\/\/ecolemusiquetradvendee.fr\/index.php\/wp-json\/wp\/v2\/types\/page"}],"author":[{"embeddable":true,"href":"https:\/\/ecolemusiquetradvendee.fr\/index.php\/wp-json\/wp\/v2\/users\/1"}],"replies":[{"embeddable":true,"href":"https:\/\/ecolemusiquetradvendee.fr\/index.php\/wp-json\/wp\/v2\/comments?post=18"}],"version-history":[{"count":11,"href":"https:\/\/ecolemusiquetradvendee.fr\/index.php\/wp-json\/wp\/v2\/pages\/18\/revisions"}],"predecessor-version":[{"id":4139,"href":"https:\/\/ecolemusiquetradvendee.fr\/index.php\/wp-json\/wp\/v2\/pages\/18\/revisions\/4139"}],"wp:attachment":[{"href":"https:\/\/ecolemusiquetradvendee.fr\/index.php\/wp-json\/wp\/v2\/media?parent=18"}],"curies":[{"name":"wp","href":"https:\/\/api.w.org\/{rel}","templated":true}]}}